 {"id":5900,"date":"2019-05-07T11:45:52","date_gmt":"2019-05-07T09:45:52","guid":{"rendered":"https:\/\/www.enfoco.es\/es\/?page_id=5900"},"modified":"2019-05-07T11:48:51","modified_gmt":"2019-05-07T09:48:51","slug":"aviso-legal","status":"publish","type":"page","link":"https:\/\/www.enfoco.es\/es\/aviso-legal\/","title":{"rendered":"Aviso legal"},"content":{"rendered":"\n<p>AVISO\nLEGAL<\/p>\n\n\n\n<p>Esta\np\u00e1gina Web es propiedad de ENFOCO, S.L. con NIF n\u00ba B80079304,\ndomicilio en C\/ JARAMA, 1, PARACUELLOS DEL JARAMA, 28860, Madrid \/ e\nInscrita en el Registro Mercantil de Madrid, 1\u00aaHoja M-26.905, Folio\n75, Tomo 1.448 General Secci\u00f3n.<\/p>\n\n\n\n<p>Para\ncualquier consulta o propuesta, cont\u00e1ctenos en el e-mail:\nadministracion@enfoco.es o bien en el tel\u00e9fono: 916582209.<\/p>\n\n\n\n<p>Esta\np\u00e1gina Web se rige por la normativa exclusivamente aplicable en\nEspa\u00f1a y en el espacio que comprende la Uni\u00f3n Europea, quedando\nsometida a ella, tanto nacionales como extranjeros que utilicen esta\nWeb.<\/p>\n\n\n\n<p>El\nacceso a nuestra p\u00e1gina Web por parte del USUARIO es gratuito y est\u00e1\ncondicionado a la previa lectura y aceptaci\u00f3n integra, expresa y sin\nreservas del presente Aviso Legal vigente en el momento del acceso,\nque rogamos lea detenidamente. El USUARIO en el momento que utiliza\nnuestro portal, sus contenidos o servicios, acepta y se somete\nexpresamente a las condiciones generales de uso del mismo. Si el\nusuario no estuviere de acuerdo con las condiciones de uso, deber\u00e1\nabstenerse de utilizar este portal y operar por medio del mismo.<\/p>\n\n\n\n<p>En\ncualquier momento podremos modificar la presentaci\u00f3n y configuraci\u00f3n\nde nuestra Web, ampliar o reducir servicios, e incluso suprimirla de\nla Red, as\u00ed como los servicios y contenidos prestados, todo ello de\nforma unilateral y sin previo aviso.<\/p>\n\n\n\n<h2 class=\"wp-block-heading\">Propiedad intelectual<\/h2>\n\n\n\n<p>Todos\nlos contenidos, textos, im\u00e1genes, marcas y c\u00f3digos fuente son de\nnuestra propiedad o de terceros a los que se han adquirido sus\nderechos de explotaci\u00f3n, y est\u00e1n protegidos por los derechos de\nPropiedad Intelectual e Industrial.<\/p>\n\n\n\n<p>El\nusuario \u00fanicamente tiene derecho a un uso privado de los mismos, sin\n\u00e1nimo de lucro, y necesita autorizaci\u00f3n expresa para modificarlos,\nreproducirlos, explotarlos, distribuirlos o ejercer cualquier derecho\nperteneciente a su titular.<\/p>\n\n\n\n<h2 class=\"wp-block-heading\">Condiciones de acceso<\/h2>\n\n\n\n<p>El\nacceso a nuestra p\u00e1gina Web es gratuito y no exige previa\nsuscripci\u00f3n o registro. La finalidad de la misma es meramente\ninformativa o publicitaria, de cualquier modo se ofrece un formulario\nde contacto\/consulta para que pueda solicitar m\u00e1s informaci\u00f3n.<\/p>\n\n\n\n<p>El\nenv\u00edo de datos personales a trav\u00e9s del formulario implicar\u00e1 la\naceptaci\u00f3n expresa por parte del Usuario de nuestra pol\u00edtica de\nprivacidad, con la habilitaci\u00f3n del check respectivo en el momento\ndel env\u00edo de sus datos. Con respecto al uso de sus datos con fines\npublicitarios, si se pretende su uso con esa finalidad, se habilitar\u00e1\notro check que podr\u00e1 o no marcar.<\/p>\n\n\n\n<p>El\nusuario debe acceder a nuestra p\u00e1gina Web conforme a la buena fe,\nlas normas de orden p\u00fablico y a las Condiciones Generales de uso,\nPol\u00edtica de Cookies y Aviso Legal. El acceso a nuestro sitio Web se\nrealiza bajo la propia y exclusiva responsabilidad del usuario, que\nresponder\u00e1 en todo caso de los da\u00f1os y perjuicios que pueda causar\na terceros o a nosotros mismos.<\/p>\n\n\n\n<p>Teniendo\nen cuenta la imposibilidad de control respecto a la informaci\u00f3n,\ncontenidos y servicios que contengan otras p\u00e1ginas web a los que se\npueda acceder a trav\u00e9s de los enlaces que nuestra p\u00e1gina web pueda\nponer a su disposici\u00f3n, le comunicamos que quedamos eximidos de\ncualquier responsabilidad por los da\u00f1os y perjuicios de toda clase\nque pudiesen derivar por la utilizaci\u00f3n de esas p\u00e1ginas web, ajenas\na nuestra empresa, por parte del usuario.<\/p>\n\n\n\n<p>Puede\nobtener m\u00e1s informaci\u00f3n sobre el uso que hacemos de sus datos de\ncar\u00e1cter personal en la Pol\u00edtica de Privacidad de nuestra web.<\/p>\n","protected":false},"excerpt":{"rendered":"<p>AVISO LEGAL Esta p\u00e1gina Web es propiedad de ENFOCO, S.L. con NIF n\u00ba B80079304, domicilio en C\/ JARAMA, 1, PARACUELLOS DEL JARAMA, 28860, Madrid \/ e Inscrita en el Registro Mercantil de Madrid, 1\u00aaHoja M-26.905, Folio 75, Tomo 1.448 General Secci\u00f3n. Para cualquier consulta o propuesta, cont\u00e1ctenos en el e-mail: administracion@enfoco.es o bien en el tel\u00e9fono: 916582209. Esta p\u00e1gina Web se rige por la normativa exclusivamente aplicable en Espa\u00f1a y en el espacio que comprende la Uni\u00f3n Europea, quedando sometida [&hellip;]<\/p>\n","protected":false},"author":1,"featured_media":0,"parent":0,"menu_order":0,"comment_status":"closed","ping_status":"closed","template":"","meta":{"footnotes":""},"class_list":["post-5900","page","type-page","status-publish","hentry"],"yoast_head":"<!-- This site is optimized with the Yoast SEO plugin v25.6 - https:\/\/yoast.com\/wordpress\/plugins\/seo\/ -->\n<title>Aviso legal - Enfoco<\/title>\n<meta name=\"robots\" content=\"index, follow, max-snippet:-1, max-image-preview:large, max-video-preview:-1\" \/>\n<link rel=\"canonical\" href=\"https:\/\/www.enfoco.es\/es\/aviso-legal\/\" \/>\n<meta property=\"og:locale\" content=\"es_ES\" \/>\n<meta property=\"og:type\" content=\"article\" \/>\n<meta property=\"og:title\" content=\"Aviso legal - Enfoco\" \/>\n<meta property=\"og:description\" content=\"AVISO LEGAL Esta p\u00e1gina Web es propiedad de ENFOCO, S.L. con NIF n\u00ba B80079304, domicilio en C\/ JARAMA, 1, PARACUELLOS DEL JARAMA, 28860, Madrid \/ e Inscrita en el Registro Mercantil de Madrid, 1\u00aaHoja M-26.905, Folio 75, Tomo 1.448 General Secci\u00f3n. Para cualquier consulta o propuesta, cont\u00e1ctenos en el e-mail: administracion@enfoco.es o bien en el tel\u00e9fono: 916582209. Esta p\u00e1gina Web se rige por la normativa exclusivamente aplicable en Espa\u00f1a y en el espacio que comprende la Uni\u00f3n Europea, quedando sometida [&hellip;]\" \/>\n<meta property=\"og:url\" content=\"https:\/\/www.enfoco.es\/es\/aviso-legal\/\" \/>\n<meta property=\"og:site_name\" content=\"Enfoco\" \/>\n<meta property=\"article:modified_time\" content=\"2019-05-07T09:48:51+00:00\" \/>\n<meta name=\"twitter:card\" content=\"summary_large_image\" \/>\n<meta name=\"twitter:label1\" content=\"Tiempo de lectura\" \/>\n\t<meta name=\"twitter:data1\" content=\"3 minutos\" \/>\n<script type=\"application\/ld+json\" class=\"yoast-schema-graph\">{\"@context\":\"https:\/\/schema.org\",\"@graph\":[{\"@type\":\"WebPage\",\"@id\":\"https:\/\/www.enfoco.es\/es\/aviso-legal\/\",\"url\":\"https:\/\/www.enfoco.es\/es\/aviso-legal\/\",\"name\":\"Aviso legal - Enfoco\",\"isPartOf\":{\"@id\":\"https:\/\/www.enfoco.es\/es\/#website\"},\"datePublished\":\"2019-05-07T09:45:52+00:00\",\"dateModified\":\"2019-05-07T09:48:51+00:00\",\"breadcrumb\":{\"@id\":\"https:\/\/www.enfoco.es\/es\/aviso-legal\/#breadcrumb\"},\"inLanguage\":\"es\",\"potentialAction\":[{\"@type\":\"ReadAction\",\"target\":[\"https:\/\/www.enfoco.es\/es\/aviso-legal\/\"]}]},{\"@type\":\"BreadcrumbList\",\"@id\":\"https:\/\/www.enfoco.es\/es\/aviso-legal\/#breadcrumb\",\"itemListElement\":[{\"@type\":\"ListItem\",\"position\":1,\"name\":\"Portada\",\"item\":\"https:\/\/www.enfoco.es\/es\/\"},{\"@type\":\"ListItem\",\"position\":2,\"name\":\"Aviso legal\"}]},{\"@type\":\"WebSite\",\"@id\":\"https:\/\/www.enfoco.es\/es\/#website\",\"url\":\"https:\/\/www.enfoco.es\/es\/\",\"name\":\"Enfoco\",\"description\":\"Iluminaci\u00f3n y Estudio de Grabaci\u00f3n\",\"potentialAction\":[{\"@type\":\"SearchAction\",\"target\":{\"@type\":\"EntryPoint\",\"urlTemplate\":\"https:\/\/www.enfoco.es\/es\/?s={search_term_string}\"},\"query-input\":{\"@type\":\"PropertyValueSpecification\",\"valueRequired\":true,\"valueName\":\"search_term_string\"}}],\"inLanguage\":\"es\"}]}<\/script>\n<!-- \/ Yoast SEO plugin. -->","yoast_head_json":{"title":"Aviso legal - Enfoco","robots":{"index":"index","follow":"follow","max-snippet":"max-snippet:-1","max-image-preview":"max-image-preview:large","max-video-preview":"max-video-preview:-1"},"canonical":"https:\/\/www.enfoco.es\/es\/aviso-legal\/","og_locale":"es_ES","og_type":"article","og_title":"Aviso legal - Enfoco","og_description":"AVISO LEGAL Esta p\u00e1gina Web es propiedad de ENFOCO, S.L. con NIF n\u00ba B80079304, domicilio en C\/ JARAMA, 1, PARACUELLOS DEL JARAMA, 28860, Madrid \/ e Inscrita en el Registro Mercantil de Madrid, 1\u00aaHoja M-26.905, Folio 75, Tomo 1.448 General Secci\u00f3n. Para cualquier consulta o propuesta, cont\u00e1ctenos en el e-mail: administracion@enfoco.es o bien en el tel\u00e9fono: 916582209. Esta p\u00e1gina Web se rige por la normativa exclusivamente aplicable en Espa\u00f1a y en el espacio que comprende la Uni\u00f3n Europea, quedando sometida [&hellip;]","og_url":"https:\/\/www.enfoco.es\/es\/aviso-legal\/","og_site_name":"Enfoco","article_modified_time":"2019-05-07T09:48:51+00:00","twitter_card":"summary_large_image","twitter_misc":{"Tiempo de lectura":"3 minutos"},"schema":{"@context":"https:\/\/schema.org","@graph":[{"@type":"WebPage","@id":"https:\/\/www.enfoco.es\/es\/aviso-legal\/","url":"https:\/\/www.enfoco.es\/es\/aviso-legal\/","name":"Aviso legal - Enfoco","isPartOf":{"@id":"https:\/\/www.enfoco.es\/es\/#website"},"datePublished":"2019-05-07T09:45:52+00:00","dateModified":"2019-05-07T09:48:51+00:00","breadcrumb":{"@id":"https:\/\/www.enfoco.es\/es\/aviso-legal\/#breadcrumb"},"inLanguage":"es","potentialAction":[{"@type":"ReadAction","target":["https:\/\/www.enfoco.es\/es\/aviso-legal\/"]}]},{"@type":"BreadcrumbList","@id":"https:\/\/www.enfoco.es\/es\/aviso-legal\/#breadcrumb","itemListElement":[{"@type":"ListItem","position":1,"name":"Portada","item":"https:\/\/www.enfoco.es\/es\/"},{"@type":"ListItem","position":2,"name":"Aviso legal"}]},{"@type":"WebSite","@id":"https:\/\/www.enfoco.es\/es\/#website","url":"https:\/\/www.enfoco.es\/es\/","name":"Enfoco","description":"Iluminaci\u00f3n y Estudio de Grabaci\u00f3n","potentialAction":[{"@type":"SearchAction","target":{"@type":"EntryPoint","urlTemplate":"https:\/\/www.enfoco.es\/es\/?s={search_term_string}"},"query-input":{"@type":"PropertyValueSpecification","valueRequired":true,"valueName":"search_term_string"}}],"inLanguage":"es"}]}},"_links":{"self":[{"href":"https:\/\/www.enfoco.es\/es\/wp-json\/wp\/v2\/pages\/5900"}],"collection":[{"href":"https:\/\/www.enfoco.es\/es\/wp-json\/wp\/v2\/pages"}],"about":[{"href":"https:\/\/www.enfoco.es\/es\/wp-json\/wp\/v2\/types\/page"}],"author":[{"embeddable":true,"href":"https:\/\/www.enfoco.es\/es\/wp-json\/wp\/v2\/users\/1"}],"replies":[{"embeddable":true,"href":"https:\/\/www.enfoco.es\/es\/wp-json\/wp\/v2\/comments?post=5900"}],"version-history":[{"count":2,"href":"https:\/\/www.enfoco.es\/es\/wp-json\/wp\/v2\/pages\/5900\/revisions"}],"predecessor-version":[{"id":5902,"href":"https:\/\/www.enfoco.es\/es\/wp-json\/wp\/v2\/pages\/5900\/revisions\/5902"}],"wp:attachment":[{"href":"https:\/\/www.enfoco.es\/es\/wp-json\/wp\/v2\/media?parent=5900"}],"curies":[{"name":"wp","href":"https:\/\/api.w.org\/{rel}","templated":true}]}}