 {"id":5898,"date":"2019-05-07T11:42:35","date_gmt":"2019-05-07T09:42:35","guid":{"rendered":"https:\/\/www.enfoco.es\/es\/?page_id=5898"},"modified":"2021-12-27T10:38:50","modified_gmt":"2021-12-27T09:38:50","slug":"politica-de-privacidad","status":"publish","type":"page","link":"https:\/\/www.enfoco.es\/es\/politica-de-privacidad\/","title":{"rendered":"Pol\u00edtica de privacidad"},"content":{"rendered":"\n<p>ENFOCO,\nS.L. (en adelante, tambi\u00e9n la Entidad, la Web o el Sitio) informa a\nlos usuarios de que los Datos de Car\u00e1cter personal que recoge (por\ndiferentes medios tales como: Encuestas al interesado, formularios de\npetici\u00f3n de informaci\u00f3n, chats online&#8230; ) son objeto de\ntratamiento automatizado y se incorporan en el Registro de\nactividades de tratamiento correspondientes a la Entidad propietaria\nde este sitio web.<\/p>\n\n\n\n<p>La\nrecogida y tratamiento automatizado de los datos de car\u00e1cter\npersonal tiene como finalidad el cumplimiento de las obligaciones\nlegales y de la relaci\u00f3n contractual o precontractual que en su caso\nse establezca con el cliente o usuario, as\u00ed como facilitarle\ninformaci\u00f3n sobre los productos o servicios sobre los que usted lo\nsolicite, siendo la base jur\u00eddica de dichos tratamiento el\nconsentimiento expreso o la firma y ejecuci\u00f3n del contrato o medidas\nprecontractuales. En caso de recibir su curriculum vitae, sus datos\npersonales y curriculares podr\u00e1n formar parte de nuestras bases de\ndatos para participar en procesos de selecci\u00f3n presentes o futuros.<\/p>\n\n\n\n<p>Los\ndatos de clientes se conservar\u00e1n mientras se mantenga la relaci\u00f3n\ncontractual y posteriormente durante los plazos exigidos para el\ncumplimiento de obligaciones legales. Los datos de preclientes o\nantiguos clientes para la realizaci\u00f3n de acciones promocionales, se\nconservar\u00e1n durante 1 a\u00f1o, sin perjuicio de la conservaci\u00f3n que\nresultase necesaria para la formulaci\u00f3n de reclamaciones judiciales\no extrajudiciales y\/o siempre que lo permita u obligue la\nlegislaci\u00f3n. Los datos de solicitantes de empleo se conservar\u00e1n\ndurante 1 a\u00f1o para futuros procesos de selecci\u00f3n.<\/p>\n\n\n\n<p>As\u00ed\nmismo, le informamos que sus datos, una vez se formalice la relaci\u00f3n\ncontractual ser\u00e1n cedidos a las entidades p\u00fablicas con las exista\nuna obligaci\u00f3n legal (Agencia Tributaria, juzgados y tribunales\u2026).\n\n<\/p>\n\n\n\n<p>En\naquellos casos en que ENFOCO, S.L. figure como Encargado del\nTratamiento asume las obligaciones establecidas en la <a href=\"https:\/\/www.iberley.es\/legislacion\/ley-organica-3-2018-5-dic-proteccion-datos-personales-garantia-derechos-digitales-lopdgdd-26118274\">LOPD-GDD<\/a>\ny en el <a href=\"https:\/\/www.iberley.es\/legislacion\/reglamento-ue-2016-679-27-abr-doue-reglamento-general-europeo-proteccion-datos-gdpr-rgpd-24473701\">RGPD<\/a>,\ny manifiesta que \u00fanicamente tratar\u00e1 los datos conforme a las\ninstrucciones del responsable de tratamiento y que no los aplicar\u00e1 o\nutilizar\u00e1 con fines distintos a los que figuren en el contrato\ncelebrado al efecto.<\/p>\n\n\n\n<p>Asimismo,\nENFOCO, S.L. informa que, en caso de que as\u00ed se haya autorizado de\nforma expresa y previo consentimiento, podr\u00e1 utilizar las\ndirecciones de correo electr\u00f3nico, tel\u00e9fonos, direcciones&#8230;&nbsp;\nfacilitados por usted, para mantenerle informado de sus novedades\ncomerciales y sus distintas ofertas promocionales as\u00ed como el\ndesempe\u00f1o de las tareas de informaci\u00f3n, formaci\u00f3n,\ncomercializaci\u00f3n (tarea esta \u00faltima siempre identificada como tal)\ny otras actividades propias. Si, en cualquier momento posterior,\nusted se opone a recibir comunicaciones comerciales, escribamos a la\ndirecci\u00f3n de correo electr\u00f3nico administracion@enfoco.es indicando\nBaja <a href=\"https:\/\/www.iberley.es\/legislacion\/ley-organica-3-2018-5-dic-proteccion-datos-personales-garantia-derechos-digitales-lopdgdd-26118274\">LOPD-GDD<\/a>\nen el asunto. El consentimiento se podr\u00e1 revocar en cualquier\nmomento.<\/p>\n\n\n\n<p>Tiene\nderecho a acceder a sus datos personales, rectificar los datos\ninexactos, solicitar su supresi\u00f3n, limitar alguno de los\ntratamientos u oponerse a alg\u00fan uso (por ej. oponerse con\nposterioridad al env\u00edo de publicidad),&nbsp; v\u00eda e-mail,\npersonalmente o mediante correo postal, en la direcci\u00f3n: C\/ JARAMA,\n1, PARACUELLOS DEL JARAMA, 28860, Madrid.<\/p>\n\n\n\n<p>Tambi\u00e9n\npuede ejercitar estos derechos en los t\u00e9rminos que la normativa\naplicable establece y que pueden consultar en <a href=\"https:\/\/www.aepd.es\/es\">www.aepd.es<\/a>\n\n<\/p>\n\n\n\n<p>El\nusuario del Sitio ser\u00e1 el \u00fanico responsable de la veracidad y\nexactitud de los datos aportados, actuando el propietario de la web\nde buena fe como mero prestador del servicio. En caso de haber\nfacilitado datos falsos o de terceras personas sin mediar su\nconsentimiento para ello, el propietario de la web se reserva el\nderecho a la destrucci\u00f3n inmediata de los citados datos a fin de\nproteger el derecho del titular o titulares de los mismos.<\/p>\n\n\n\n<p>ENFOCO,\nS.L. se compromete al cumplimiento de su obligaci\u00f3n de secreto de\nlos datos de car\u00e1cter personal y de su deber de guardarlos y\nadoptar\u00e1 todas las medidas de \u00edndole t\u00e9cnica y organizativa para\ngarantizar la seguridad de los datos de car\u00e1cter personal y evitar\nsu alteraci\u00f3n, p\u00e9rdida, tratamiento o acceso no autorizado, habida\ncuenta del estado de la tecnolog\u00eda, la naturaleza de los datos\nalmacenados y los riesgos a que est\u00e9n expuestos. El sitio Web\ndispone de las medidas de seguridad de la informaci\u00f3n generalmente\nutilizadas para evitar el acceso no autorizado a los datos\npersonales.<\/p>\n\n\n\n<p>Por\nfavor, lea detenidamente esta declaraci\u00f3n de privacidad antes de\nusar este Sitio, conocer\u00e1 la forma en que procesaremos sus datos\npersonales. El uso de este Sitio y el env\u00edo de sus datos implica la\naceptaci\u00f3n de nuestra pol\u00edtica de privacidad. En caso contrario no\nuse este Sitio.<\/p>\n\n\n\n<h2 class=\"wp-block-heading\">Cambios en nuestra Pol\u00edtica de Privacidad<\/h2>\n\n\n\n<p>Cualquier\ncambio que en el futuro podamos introducir en nuestra pol\u00edtica de\nprivacidad ser\u00e1 comunicado en esta p\u00e1gina. De este modo, podr\u00e1\ncomprobar regularmente las actualizaciones o cambios en nuestra\npol\u00edtica de privacidad.<\/p>\n\n\n\n<h2 class=\"wp-block-heading\">Modos de contacto y datos del Responsable<\/h2>\n\n\n\n<p>Responsable:\nENFOCO, S.L.\u2013 NIF\/CIF: B80079304<\/p>\n\n\n\n<p>Tel\u00e9fono\nde contacto: 916582209 &#8211; Correo electr\u00f3nico:\nadministracion@enfoco.es<\/p>\n\n\n\n<p>Direcci\u00f3n\npostal: C\/ JARAMA, 1, PARACUELLOS DEL JARAMA, 28860, Madrid<\/p>\n\n\n\n<p>Identidad\ny datos del representante: Jos\u00e9  Antonio Iglesias Peinado,\n51392952G, Representante,  916582209 , enfoco@enfoco.es<\/p>\n\n\n\n<p>Consulte\nnuestro Aviso Legal para conocer todos los datos referentes al\npropietario de la Web.<\/p>\n\n\n\n<p>La\nWeb realiza todos los esfuerzos razonables para asegurar que el\ncontenido del Sitio es preciso y vigente.<\/p>\n","protected":false},"excerpt":{"rendered":"<p>ENFOCO, S.L. (en adelante, tambi\u00e9n la Entidad, la Web o el Sitio) informa a los usuarios de que los Datos de Car\u00e1cter personal que recoge (por diferentes medios tales como: Encuestas al interesado, formularios de petici\u00f3n de informaci\u00f3n, chats online&#8230; ) son objeto de tratamiento automatizado y se incorporan en el Registro de actividades de tratamiento correspondientes a la Entidad propietaria de este sitio web. La recogida y tratamiento automatizado de los datos de car\u00e1cter personal tiene como finalidad el [&hellip;]<\/p>\n","protected":false},"author":1,"featured_media":0,"parent":0,"menu_order":0,"comment_status":"closed","ping_status":"closed","template":"","meta":{"footnotes":""},"class_list":["post-5898","page","type-page","status-publish","hentry"],"yoast_head":"<!-- This site is optimized with the Yoast SEO plugin v25.6 - https:\/\/yoast.com\/wordpress\/plugins\/seo\/ -->\n<title>Pol\u00edtica de privacidad - Enfoco<\/title>\n<meta name=\"robots\" content=\"index, follow, max-snippet:-1, max-image-preview:large, max-video-preview:-1\" \/>\n<link rel=\"canonical\" href=\"https:\/\/www.enfoco.es\/es\/politica-de-privacidad\/\" \/>\n<meta property=\"og:locale\" content=\"es_ES\" \/>\n<meta property=\"og:type\" content=\"article\" \/>\n<meta property=\"og:title\" content=\"Pol\u00edtica de privacidad - Enfoco\" \/>\n<meta property=\"og:description\" content=\"ENFOCO, S.L. (en adelante, tambi\u00e9n la Entidad, la Web o el Sitio) informa a los usuarios de que los Datos de Car\u00e1cter personal que recoge (por diferentes medios tales como: Encuestas al interesado, formularios de petici\u00f3n de informaci\u00f3n, chats online&#8230; ) son objeto de tratamiento automatizado y se incorporan en el Registro de actividades de tratamiento correspondientes a la Entidad propietaria de este sitio web. La recogida y tratamiento automatizado de los datos de car\u00e1cter personal tiene como finalidad el [&hellip;]\" \/>\n<meta property=\"og:url\" content=\"https:\/\/www.enfoco.es\/es\/politica-de-privacidad\/\" \/>\n<meta property=\"og:site_name\" content=\"Enfoco\" \/>\n<meta property=\"article:modified_time\" content=\"2021-12-27T09:38:50+00:00\" \/>\n<meta name=\"twitter:card\" content=\"summary_large_image\" \/>\n<meta name=\"twitter:label1\" content=\"Tiempo de lectura\" \/>\n\t<meta name=\"twitter:data1\" content=\"5 minutos\" \/>\n<script type=\"application\/ld+json\" class=\"yoast-schema-graph\">{\"@context\":\"https:\/\/schema.org\",\"@graph\":[{\"@type\":\"WebPage\",\"@id\":\"https:\/\/www.enfoco.es\/es\/politica-de-privacidad\/\",\"url\":\"https:\/\/www.enfoco.es\/es\/politica-de-privacidad\/\",\"name\":\"Pol\u00edtica de privacidad - Enfoco\",\"isPartOf\":{\"@id\":\"https:\/\/www.enfoco.es\/es\/#website\"},\"datePublished\":\"2019-05-07T09:42:35+00:00\",\"dateModified\":\"2021-12-27T09:38:50+00:00\",\"breadcrumb\":{\"@id\":\"https:\/\/www.enfoco.es\/es\/politica-de-privacidad\/#breadcrumb\"},\"inLanguage\":\"es\",\"potentialAction\":[{\"@type\":\"ReadAction\",\"target\":[\"https:\/\/www.enfoco.es\/es\/politica-de-privacidad\/\"]}]},{\"@type\":\"BreadcrumbList\",\"@id\":\"https:\/\/www.enfoco.es\/es\/politica-de-privacidad\/#breadcrumb\",\"itemListElement\":[{\"@type\":\"ListItem\",\"position\":1,\"name\":\"Portada\",\"item\":\"https:\/\/www.enfoco.es\/es\/\"},{\"@type\":\"ListItem\",\"position\":2,\"name\":\"Pol\u00edtica de privacidad\"}]},{\"@type\":\"WebSite\",\"@id\":\"https:\/\/www.enfoco.es\/es\/#website\",\"url\":\"https:\/\/www.enfoco.es\/es\/\",\"name\":\"Enfoco\",\"description\":\"Iluminaci\u00f3n y Estudio de Grabaci\u00f3n\",\"potentialAction\":[{\"@type\":\"SearchAction\",\"target\":{\"@type\":\"EntryPoint\",\"urlTemplate\":\"https:\/\/www.enfoco.es\/es\/?s={search_term_string}\"},\"query-input\":{\"@type\":\"PropertyValueSpecification\",\"valueRequired\":true,\"valueName\":\"search_term_string\"}}],\"inLanguage\":\"es\"}]}<\/script>\n<!-- \/ Yoast SEO plugin. -->","yoast_head_json":{"title":"Pol\u00edtica de privacidad - Enfoco","robots":{"index":"index","follow":"follow","max-snippet":"max-snippet:-1","max-image-preview":"max-image-preview:large","max-video-preview":"max-video-preview:-1"},"canonical":"https:\/\/www.enfoco.es\/es\/politica-de-privacidad\/","og_locale":"es_ES","og_type":"article","og_title":"Pol\u00edtica de privacidad - Enfoco","og_description":"ENFOCO, S.L. (en adelante, tambi\u00e9n la Entidad, la Web o el Sitio) informa a los usuarios de que los Datos de Car\u00e1cter personal que recoge (por diferentes medios tales como: Encuestas al interesado, formularios de petici\u00f3n de informaci\u00f3n, chats online&#8230; ) son objeto de tratamiento automatizado y se incorporan en el Registro de actividades de tratamiento correspondientes a la Entidad propietaria de este sitio web. La recogida y tratamiento automatizado de los datos de car\u00e1cter personal tiene como finalidad el [&hellip;]","og_url":"https:\/\/www.enfoco.es\/es\/politica-de-privacidad\/","og_site_name":"Enfoco","article_modified_time":"2021-12-27T09:38:50+00:00","twitter_card":"summary_large_image","twitter_misc":{"Tiempo de lectura":"5 minutos"},"schema":{"@context":"https:\/\/schema.org","@graph":[{"@type":"WebPage","@id":"https:\/\/www.enfoco.es\/es\/politica-de-privacidad\/","url":"https:\/\/www.enfoco.es\/es\/politica-de-privacidad\/","name":"Pol\u00edtica de privacidad - Enfoco","isPartOf":{"@id":"https:\/\/www.enfoco.es\/es\/#website"},"datePublished":"2019-05-07T09:42:35+00:00","dateModified":"2021-12-27T09:38:50+00:00","breadcrumb":{"@id":"https:\/\/www.enfoco.es\/es\/politica-de-privacidad\/#breadcrumb"},"inLanguage":"es","potentialAction":[{"@type":"ReadAction","target":["https:\/\/www.enfoco.es\/es\/politica-de-privacidad\/"]}]},{"@type":"BreadcrumbList","@id":"https:\/\/www.enfoco.es\/es\/politica-de-privacidad\/#breadcrumb","itemListElement":[{"@type":"ListItem","position":1,"name":"Portada","item":"https:\/\/www.enfoco.es\/es\/"},{"@type":"ListItem","position":2,"name":"Pol\u00edtica de privacidad"}]},{"@type":"WebSite","@id":"https:\/\/www.enfoco.es\/es\/#website","url":"https:\/\/www.enfoco.es\/es\/","name":"Enfoco","description":"Iluminaci\u00f3n y Estudio de Grabaci\u00f3n","potentialAction":[{"@type":"SearchAction","target":{"@type":"EntryPoint","urlTemplate":"https:\/\/www.enfoco.es\/es\/?s={search_term_string}"},"query-input":{"@type":"PropertyValueSpecification","valueRequired":true,"valueName":"search_term_string"}}],"inLanguage":"es"}]}},"_links":{"self":[{"href":"https:\/\/www.enfoco.es\/es\/wp-json\/wp\/v2\/pages\/5898"}],"collection":[{"href":"https:\/\/www.enfoco.es\/es\/wp-json\/wp\/v2\/pages"}],"about":[{"href":"https:\/\/www.enfoco.es\/es\/wp-json\/wp\/v2\/types\/page"}],"author":[{"embeddable":true,"href":"https:\/\/www.enfoco.es\/es\/wp-json\/wp\/v2\/users\/1"}],"replies":[{"embeddable":true,"href":"https:\/\/www.enfoco.es\/es\/wp-json\/wp\/v2\/comments?post=5898"}],"version-history":[{"count":4,"href":"https:\/\/www.enfoco.es\/es\/wp-json\/wp\/v2\/pages\/5898\/revisions"}],"predecessor-version":[{"id":5924,"href":"https:\/\/www.enfoco.es\/es\/wp-json\/wp\/v2\/pages\/5898\/revisions\/5924"}],"wp:attachment":[{"href":"https:\/\/www.enfoco.es\/es\/wp-json\/wp\/v2\/media?parent=5898"}],"curies":[{"name":"wp","href":"https:\/\/api.w.org\/{rel}","templated":true}]}}